{"id":3,"date":"2023-09-06T18:15:35","date_gmt":"2023-09-06T23:15:35","guid":{"rendered":"https:\/\/cdastonvilla.com\/?page_id=3"},"modified":"2025-08-03T14:18:28","modified_gmt":"2025-08-03T19:18:28","slug":"canteranos","status":"publish","type":"page","link":"https:\/\/cdastonvilla.com\/index.php\/canteranos\/","title":{"rendered":"Cantera"},"content":{"rendered":"\t\t<div data-elementor-type=\"wp-page\" data-elementor-id=\"3\" class=\"elementor elementor-3\">\n\t\t\t\t\t\t\t<div class=\"elementor-element elementor-element-27b77ba e-flex e-con-boxed e-con e-parent\" data-id=\"27b77ba\" data-element_type=\"container\" data-settings=\"{&quot;content_width&quot;:&quot;boxed&quot;}\" data-core-v316-plus=\"true\">\n\t\t\t\t\t<div class=\"e-con-inner\">\n\t\t\t\t<div class=\"elementor-element elementor-element-f068027 elementor-widget elementor-widget-heading\" data-id=\"f068027\" data-element_type=\"widget\" data-widget_type=\"heading.default\">\n\t\t\t\t<div class=\"elementor-widget-container\">\n\t\t\t<style>\/*! elementor - v3.17.0 - 01-11-2023 *\/\n.elementor-heading-title{padding:0;margin:0;line-height:1}.elementor-widget-heading .elementor-heading-title[class*=elementor-size-]>a{color:inherit;font-size:inherit;line-height:inherit}.elementor-widget-heading .elementor-heading-title.elementor-size-small{font-size:15px}.elementor-widget-heading .elementor-heading-title.elementor-size-medium{font-size:19px}.elementor-widget-heading .elementor-heading-title.elementor-size-large{font-size:29px}.elementor-widget-heading .elementor-heading-title.elementor-size-xl{font-size:39px}.elementor-widget-heading .elementor-heading-title.elementor-size-xxl{font-size:59px}<\/style><h2 class=\"elementor-heading-title elementor-size-default\">Equipo Aston Villa Sub-16\/17 \u2013 Profesor Sebasti\u00e1n V\u00e1squez<\/h2>\t\t<\/div>\n\t\t\t\t<\/div>\n\t\t\t\t<div class=\"elementor-element elementor-element-bbb4e0d elementor-widget elementor-widget-image\" data-id=\"bbb4e0d\" data-element_type=\"widget\" data-widget_type=\"image.default\">\n\t\t\t\t<div class=\"elementor-widget-container\">\n\t\t\t<style>\/*! elementor - v3.17.0 - 01-11-2023 *\/\n.elementor-widget-image{text-align:center}.elementor-widget-image a{display:inline-block}.elementor-widget-image a img[src$=\".svg\"]{width:48px}.elementor-widget-image img{vertical-align:middle;display:inline-block}<\/style>\t\t\t\t\t\t\t\t\t\t\t\t<img decoding=\"async\" loading=\"lazy\" width=\"1024\" height=\"683\" src=\"https:\/\/cdastonvilla.com\/wp-content\/uploads\/2025\/08\/IMG_5739-1024x683.jpg\" class=\"attachment-large size-large wp-image-25124\" alt=\"\" srcset=\"https:\/\/cdastonvilla.com\/wp-content\/uploads\/2025\/08\/IMG_5739-1024x683.jpg 1024w, https:\/\/cdastonvilla.com\/wp-content\/uploads\/2025\/08\/IMG_5739-300x200.jpg 300w, https:\/\/cdastonvilla.com\/wp-content\/uploads\/2025\/08\/IMG_5739-768x512.jpg 768w, https:\/\/cdastonvilla.com\/wp-content\/uploads\/2025\/08\/IMG_5739-1536x1024.jpg 1536w, https:\/\/cdastonvilla.com\/wp-content\/uploads\/2025\/08\/IMG_5739-18x12.jpg 18w, https:\/\/cdastonvilla.com\/wp-content\/uploads\/2025\/08\/IMG_5739.jpg 1920w\" sizes=\"(max-width: 1024px) 100vw, 1024px\" \/>\t\t\t\t\t\t\t\t\t\t\t\t\t\t\t<\/div>\n\t\t\t\t<\/div>\n\t\t\t\t\t<\/div>\n\t\t\t\t<\/div>\n\t\t<div class=\"elementor-element elementor-element-edc820c e-flex e-con-boxed e-con e-parent\" data-id=\"edc820c\" data-element_type=\"container\" data-settings=\"{&quot;content_width&quot;:&quot;boxed&quot;}\" data-core-v316-plus=\"true\">\n\t\t\t\t\t<div class=\"e-con-inner\">\n\t\t\t\t<div class=\"elementor-element elementor-element-2fbdda7 elementor-widget elementor-widget-text-editor\" data-id=\"2fbdda7\" data-element_type=\"widget\" data-widget_type=\"text-editor.default\">\n\t\t\t\t<div class=\"elementor-widget-container\">\n\t\t\t<style>\/*! elementor - v3.17.0 - 01-11-2023 *\/\n.elementor-widget-text-editor.elementor-drop-cap-view-stacked .elementor-drop-cap{background-color:#69727d;color:#fff}.elementor-widget-text-editor.elementor-drop-cap-view-framed .elementor-drop-cap{color:#69727d;border:3px solid;background-color:transparent}.elementor-widget-text-editor:not(.elementor-drop-cap-view-default) .elementor-drop-cap{margin-top:8px}.elementor-widget-text-editor:not(.elementor-drop-cap-view-default) .elementor-drop-cap-letter{width:1em;height:1em}.elementor-widget-text-editor .elementor-drop-cap{float:left;text-align:center;line-height:1;font-size:50px}.elementor-widget-text-editor .elementor-drop-cap-letter{display:inline-block}<\/style>\t\t\t\t<p>FILA DE ARRIBA DE IZQUIERDA A DERECHA<\/p><p>Samuel C\u00e1rdenas S\u00e1nchez \u2013 2008,\u00a0Elder Alejandro Andrade Rodr\u00edguez \u2013 2009,\u00a0Abner David Osorio Zapata \u2013 2009,\u00a0\u00c1ngel Camilo Medina Moya \u2013 2009,\u00a0Juan Manuel Rangel Aponza \u2013 2009,\u00a0Andr\u00e9s Felipe Camacho Rengifo \u2013 2009,\u00a0Yeison Amado Copete Caicedo \u2013 2009,\u00a0Emmanuel Salinas Ortiz \u2013 2009,\u00a0Juan Sebasti\u00e1n Rivas Valles \u2013 2009,\u00a0Keller Moreno Ospina \u2013 2009,\u00a0Camilo Canizales Tepud \u2013 2009.<\/p><p>FILA DE ABAJO IZQUIERDA A DERECHA<\/p><p>Mat\u00edas Restrepo Ortiz \u2013 2009,\u00a0 Juan Sebasti\u00e1n Ram\u00edrez Arcos \u2013 2009,\u00a0Marlon Andr\u00e9s Segura Cuero \u2013 2009,\u00a0Juli\u00e1n David Valencia Valencia \u2013 2009,\u00a0Michael Stiven Navarrete Paredes \u2013 2009,\u00a0Deiner Guerrero Almendra \u2013 2009,\u00a0Juan Jos\u00e9 Angulo Landazur\u00ed \u2013 2009,\u00a0Emanuel Vargas Mosquera \u2013 2009,\u00a0Keiler Daniel Salguedo Ramos &#8211; 2010.<\/p>\t\t\t\t\t\t<\/div>\n\t\t\t\t<\/div>\n\t\t\t\t\t<\/div>\n\t\t\t\t<\/div>\n\t\t<div class=\"elementor-element elementor-element-1caeafd e-flex e-con-boxed e-con e-parent\" data-id=\"1caeafd\" data-element_type=\"container\" data-settings=\"{&quot;content_width&quot;:&quot;boxed&quot;}\" data-core-v316-plus=\"true\">\n\t\t\t\t\t<div class=\"e-con-inner\">\n\t\t\t\t\t<\/div>\n\t\t\t\t<\/div>\n\t\t<div class=\"elementor-element elementor-element-1c6d3b5 e-flex e-con-boxed e-con e-parent\" data-id=\"1c6d3b5\" data-element_type=\"container\" data-settings=\"{&quot;content_width&quot;:&quot;boxed&quot;}\" data-core-v316-plus=\"true\">\n\t\t\t\t\t<div class=\"e-con-inner\">\n\t\t\t\t<div class=\"elementor-element elementor-element-9ee3caf elementor-widget elementor-widget-heading\" data-id=\"9ee3caf\" data-element_type=\"widget\" data-widget_type=\"heading.default\">\n\t\t\t\t<div class=\"elementor-widget-container\">\n\t\t\t<h2 class=\"elementor-heading-title elementor-size-default\">Equipo Aston Villa Sub-18 a\u00f1o 2025 \u2013 Profesor Cristian Gonz\u00e1lez<\/h2>\t\t<\/div>\n\t\t\t\t<\/div>\n\t\t\t\t\t<\/div>\n\t\t\t\t<\/div>\n\t\t<div class=\"elementor-element elementor-element-8bf3b34 e-flex e-con-boxed e-con e-parent\" data-id=\"8bf3b34\" data-element_type=\"container\" data-settings=\"{&quot;content_width&quot;:&quot;boxed&quot;}\" data-core-v316-plus=\"true\">\n\t\t\t\t\t<div class=\"e-con-inner\">\n\t\t\t\t<div class=\"elementor-element elementor-element-128d32d elementor-widget elementor-widget-image\" data-id=\"128d32d\" data-element_type=\"widget\" data-widget_type=\"image.default\">\n\t\t\t\t<div class=\"elementor-widget-container\">\n\t\t\t\t\t\t\t\t\t\t\t\t\t\t\t<img decoding=\"async\" loading=\"lazy\" width=\"1024\" height=\"683\" src=\"https:\/\/cdastonvilla.com\/wp-content\/uploads\/2025\/08\/IMG_5741-1-1024x683.jpg\" class=\"attachment-large size-large wp-image-25123\" alt=\"\" srcset=\"https:\/\/cdastonvilla.com\/wp-content\/uploads\/2025\/08\/IMG_5741-1-1024x683.jpg 1024w, https:\/\/cdastonvilla.com\/wp-content\/uploads\/2025\/08\/IMG_5741-1-300x200.jpg 300w, https:\/\/cdastonvilla.com\/wp-content\/uploads\/2025\/08\/IMG_5741-1-768x512.jpg 768w, https:\/\/cdastonvilla.com\/wp-content\/uploads\/2025\/08\/IMG_5741-1-1536x1024.jpg 1536w, https:\/\/cdastonvilla.com\/wp-content\/uploads\/2025\/08\/IMG_5741-1-18x12.jpg 18w, https:\/\/cdastonvilla.com\/wp-content\/uploads\/2025\/08\/IMG_5741-1.jpg 1920w\" sizes=\"(max-width: 1024px) 100vw, 1024px\" \/>\t\t\t\t\t\t\t\t\t\t\t\t\t\t\t<\/div>\n\t\t\t\t<\/div>\n\t\t\t\t\t<\/div>\n\t\t\t\t<\/div>\n\t\t<div class=\"elementor-element elementor-element-be94ed0 e-flex e-con-boxed e-con e-parent\" data-id=\"be94ed0\" data-element_type=\"container\" data-settings=\"{&quot;content_width&quot;:&quot;boxed&quot;}\" data-core-v316-plus=\"true\">\n\t\t\t\t\t<div class=\"e-con-inner\">\n\t\t\t\t<div class=\"elementor-element elementor-element-c70d6bc elementor-widget elementor-widget-text-editor\" data-id=\"c70d6bc\" data-element_type=\"widget\" data-widget_type=\"text-editor.default\">\n\t\t\t\t<div class=\"elementor-widget-container\">\n\t\t\t\t\t\t\t<p>FILA DE ARRIBA DE IZQUIERDA A DERECHA:<\/p><p>Yensy Fabian S\u00e1nchez Yesquen &#8211; 2008,\u00a0Luis Mario Rodr\u00edguez Mart\u00ednez &#8211; 2008,\u00a0Juan Pablo Vergara Mera &#8211; 2008,\u00a0Jean Jhanpool Palacios Banguero &#8211; 2007, Keinner Jos\u00e9 Caraballo Aguilera &#8211; 2007, Derian Esneyder Lopez Rivera &#8211; 2008, Johan Estevan Maquilon Cadena &#8211; 2008,\u00a0Wilser Jair Gongora Arboleda &#8211; 2007,\u00a0Yasser David Asprilla Hurtado &#8211; 2008,\u00a0Jhohan Alexis Bermudez Flor &#8211; 2008.\u00a0Robert David Jimenez Garcia &#8211; 2007,\u00a0Jhon Alberto Chaverra Chaverra &#8211; 2007,\u00a0<\/p><p>FILA DE ABAJO IZQUIERDA A DERECHA:<\/p><p>Yulian Andr\u00e9s Mart\u00ednez Rivas &#8211; 2007,\u00a0 Santiago Viveros Caicedo &#8211; 2007,\u00a0Santiago Rivas Ospina &#8211; 2007,\u00a0Sebasti\u00e1n Celeita Ospina &#8211; 2007,\u00a0Santiago Vacca Aparicio &#8211; 2008,\u00a0Juan Nicol\u00e1s Ibarra G\u00f3mez &#8211; 2008,\u00a0Hamilton Emidio Fuentes G\u00f3mez &#8211; 2007,\u00a0\u00c1ngel Samuel Angulo Segura &#8211; 2007,\u00a0Jose Herney Hueje Cano &#8211; 2007,\u00a0Cesar Adrian Sanchez Perdomo &#8211; 2008,\u00a0Juan Guillermo Lara Zambrano &#8211; 2007.<\/p>\t\t\t\t\t\t<\/div>\n\t\t\t\t<\/div>\n\t\t\t\t\t<\/div>\n\t\t\t\t<\/div>\n\t\t\t\t\t\t\t<\/div>\n\t\t","protected":false},"excerpt":{"rendered":"<p>Equipo Aston Villa Sub-16\/17 \u2013 Profesor Sebasti\u00e1n V\u00e1squez FILA DE ARRIBA DE IZQUIERDA A DERECHA Samuel C\u00e1rdenas S\u00e1nchez \u2013 2008,\u00a0Elder Alejandro Andrade Rodr\u00edguez \u2013 2009,\u00a0Abner David Osorio Zapata \u2013 2009,\u00a0\u00c1ngel Camilo Medina Moya \u2013 2009,\u00a0Juan Manuel Rangel Aponza \u2013 2009,\u00a0Andr\u00e9s Felipe Camacho Rengifo \u2013 2009,\u00a0Yeison Amado Copete Caicedo \u2013 2009,\u00a0Emmanuel Salinas Ortiz \u2013 2009,\u00a0Juan Sebasti\u00e1n &hellip;<\/p>\n<p class=\"read-more\"> <a class=\"\" href=\"https:\/\/cdastonvilla.com\/index.php\/canteranos\/\"> <span class=\"screen-reader-text\">Cantera<\/span> Leer m\u00e1s &raquo;<\/a><\/p>\n","protected":false},"author":1,"featured_media":0,"parent":0,"menu_order":0,"comment_status":"closed","ping_status":"closed","template":"","meta":{"_uag_custom_page_level_css":"","site-sidebar-layout":"no-sidebar","site-content-layout":"page-builder","ast-site-content-layout":"full-width-container","site-content-style":"default","site-sidebar-style":"default","ast-global-header-display":"","ast-banner-title-visibility":"","ast-main-header-display":"","ast-hfb-above-header-display":"","ast-hfb-below-header-display":"","ast-hfb-mobile-header-display":"","site-post-title":"disabled","ast-breadcrumbs-content":"","ast-featured-img":"disabled","footer-sml-layout":"","theme-transparent-header-meta":"","adv-header-id-meta":"","stick-header-meta":"","header-above-stick-meta":"","header-main-stick-meta":"","header-below-stick-meta":"","astra-migrate-meta-layouts":"","footnotes":""},"uagb_featured_image_src":{"full":false,"thumbnail":false,"medium":false,"medium_large":false,"large":false,"1536x1536":false,"2048x2048":false,"trp-custom-language-flag":false},"uagb_author_info":{"display_name":"cdav","author_link":"https:\/\/cdastonvilla.com\/index.php\/author\/cdav\/"},"uagb_comment_info":0,"uagb_excerpt":"Equipo Aston Villa Sub-16\/17 \u2013 Profesor Sebasti\u00e1n V\u00e1squez FILA DE ARRIBA DE IZQUIERDA A DERECHA Samuel C\u00e1rdenas S\u00e1nchez \u2013 2008,\u00a0Elder Alejandro Andrade Rodr\u00edguez \u2013 2009,\u00a0Abner David Osorio Zapata \u2013 2009,\u00a0\u00c1ngel Camilo Medina Moya \u2013 2009,\u00a0Juan Manuel Rangel Aponza \u2013 2009,\u00a0Andr\u00e9s Felipe Camacho Rengifo \u2013 2009,\u00a0Yeison Amado Copete Caicedo \u2013 2009,\u00a0Emmanuel Salinas Ortiz \u2013 2009,\u00a0Juan Sebasti\u00e1n&hellip;","_links":{"self":[{"href":"https:\/\/cdastonvilla.com\/index.php\/wp-json\/wp\/v2\/pages\/3"}],"collection":[{"href":"https:\/\/cdastonvilla.com\/index.php\/wp-json\/wp\/v2\/pages"}],"about":[{"href":"https:\/\/cdastonvilla.com\/index.php\/wp-json\/wp\/v2\/types\/page"}],"author":[{"embeddable":true,"href":"https:\/\/cdastonvilla.com\/index.php\/wp-json\/wp\/v2\/users\/1"}],"replies":[{"embeddable":true,"href":"https:\/\/cdastonvilla.com\/index.php\/wp-json\/wp\/v2\/comments?post=3"}],"version-history":[{"count":7,"href":"https:\/\/cdastonvilla.com\/index.php\/wp-json\/wp\/v2\/pages\/3\/revisions"}],"predecessor-version":[{"id":25127,"href":"https:\/\/cdastonvilla.com\/index.php\/wp-json\/wp\/v2\/pages\/3\/revisions\/25127"}],"wp:attachment":[{"href":"https:\/\/cdastonvilla.com\/index.php\/wp-json\/wp\/v2\/media?parent=3"}],"curies":[{"name":"wp","href":"https:\/\/api.w.org\/{rel}","templated":true}]}}